{"id":1068,"date":"2026-07-18T07:58:39","date_gmt":"2026-07-18T07:58:39","guid":{"rendered":"http:\/\/gruene-wurster-nordseekueste.de\/?page_id=1068"},"modified":"2026-07-24T14:08:42","modified_gmt":"2026-07-24T14:08:42","slug":"wahlprogramm-2026","status":"publish","type":"page","link":"https:\/\/gruene-wurster-nordseekueste.de\/?page_id=1068","title":{"rendered":"Wahlprogramm 2026"},"content":{"rendered":"\n<div class=\"wp-block-columns is-layout-flex wp-container-core-columns-is-layout-8f761849 wp-block-columns-is-layout-flex\">\n<div class=\"wp-block-column is-layout-flow wp-block-column-is-layout-flow\">\n<figure class=\"wp-block-gallery has-nested-images columns-default is-cropped wp-block-gallery-1 is-layout-flex wp-block-gallery-is-layout-flex\">\n<figure class=\"wp-block-image size-large\"><img loading=\"lazy\" decoding=\"async\" width=\"1000\" height=\"540\" data-id=\"674\" src=\"https:\/\/gruene-wurster-nordseekueste.de\/wp-content\/uploads\/2024\/05\/Logo-Buendnis90-grueen.png\" alt=\"\" class=\"wp-image-674\"\/><figcaption class=\"wp-element-caption\"><strong><mark style=\"background-color:rgba(0, 0, 0, 0)\" class=\"has-inline-color has-sonne-color\">OV Wurster Nordseek\u00fcste<\/mark><\/strong><\/figcaption><\/figure>\n<\/figure>\n<\/div>\n<\/div>\n\n\n\n<hr class=\"wp-block-separator has-alpha-channel-opacity\"\/>\n\n\n\n<p class=\"wp-block-paragraph\"><strong>B\u00fcndnis 90\/ Die Gr\u00fcnen Wurster Nordseek\u00fcste<\/strong><\/p>\n\n\n\n<p class=\"wp-block-paragraph\"><strong>Wahlprogramm 2026<\/strong><\/p>\n\n\n\n<p class=\"wp-block-paragraph\"><strong><mark style=\"background-color:rgba(0, 0, 0, 0)\" class=\"has-inline-color has-grashalm-color\">Nachhaltig. Sozial. Gemeinsam.<\/mark><\/strong><\/p>\n\n\n\n<hr class=\"wp-block-separator has-alpha-channel-opacity\"\/>\n\n\n\n<h1 class=\"wp-block-heading\">Einleitung<\/h1>\n\n\n\n<p class=\"wp-block-paragraph\">Wir stehen f\u00fcr eine nachhaltige Entwicklung unserer Gemeinde. Nachhaltigkeit ist f\u00fcr uns ein Grundprinzip, das wir bei allen Entscheidungen mitdenken. Wir wollen L\u00f6sungen, die \u00f6kologisch sinnvoll, sozial gerecht und wirtschaftlich vern\u00fcnftig sind &#8211; von der Ortsplanung \u00fcber Jugendarbeit, von der Energieversorgung \u00fcber Tourismus bis hin zu den regionalen Unternehmen.<\/p>\n\n\n\n<p class=\"wp-block-paragraph\">Soziale Teilhabe, Inklusion, Biodiversit\u00e4t, Arten- und Meeresschutz sind dabei genauso fest verankert wie Klimaschutz und die wirtschaftliche Entwicklung. Denn eine lebenswerte Zukunft f\u00fcr unsere Region gelingt nur, wenn wir Mensch, Natur und Wirtschaft als Ganzes im Blick haben und bei jeder Entscheidung die Folgen f\u00fcr die Zukunft mitdenken.<\/p>\n\n\n\n<p class=\"wp-block-paragraph\">Wir sehen den zunehmenden Populismus und den immer rauer werdenden Umgangston in Politik und Gesellschaft kritisch und als gef\u00e4hrlich f\u00fcr unsere Demokratie. Wir stellen uns dem entgegen und setzen auf Respekt, Sachlichkeit und klare L\u00f6sungen. Denn nur so bleibt unsere Gesellschaft stark.<\/p>\n\n\n\n<hr class=\"wp-block-separator has-alpha-channel-opacity\"\/>\n\n\n\n<h1 class=\"wp-block-heading\">Biodiversit\u00e4t und Artenschutz<\/h1>\n\n\n\n<p class=\"wp-block-paragraph\">Die Lage ist ernst, in Deutschland und weltweit sind viele Tier- und Pflanzenarten vom Aussterben bedroht. Der Verlust der biologischen Vielfalt betrifft nicht nur Tiere und Pflanzen. Er gef\u00e4hrdet auch unsere Lebensgrundlagen. Der Mensch ist direkt auf die Natur angewiesen \u2013 etwa f\u00fcr Nahrung, Medizin oder Einkommen.<\/p>\n\n\n\n<p class=\"wp-block-paragraph\">Deshalb ist Naturschutz f\u00fcr uns auch eine soziale Frage: Wir wollen sicherstellen, dass alle B\u00fcrger:innen Zugang zu intakter Natur haben und von gesunden \u00d6kosystemen an der K\u00fcste profitieren k\u00f6nnen.<\/p>\n\n\n\n<p class=\"wp-block-paragraph\">Besonders schlecht geht es vielen Mooren, Feuchtgebieten, Wiesen und artenreichen Agrarlandschaften. An der Wurster Nordseek\u00fcste betrifft dies insbesondere die Salzwiesen, D\u00fcnen und Wattfl\u00e4chen, die wir durch gezielte Schutz- und Renaturierungsma\u00dfnahmen erhalten und aufwerten wollen.<\/p>\n\n\n\n<p class=\"wp-block-paragraph\">Unser Ziel ist ein funktionierendes Netz von Schutzgebieten, Kompensationsfl\u00e4chen und naturnahen R\u00e4umen, wie z. B. Hecken und Feldgeh\u00f6lze, Wegeseitenr\u00e4ume, Gew\u00e4sser und Moore.<\/p>\n\n\n\n<h2 class=\"wp-block-heading\">Ziele:<\/h2>\n\n\n\n<ul class=\"wp-block-list\">\n<li><strong>Biodiversit\u00e4t<\/strong> in der Gemeinde f\u00f6rdern durch den Aufbau eines funktionierenden Netzes von \u00d6kosystemen<\/li>\n\n\n\n<li>Den <strong>\u201eNieders\u00e4chsischen Weg\u201c <\/strong>f\u00fcr mehr Naturschutz in der Landwirtschaft mit konkreten Projekten und allen Beteiligten umsetzen<\/li>\n\n\n\n<li><strong>Versiegelung reduzieren<\/strong><\/li>\n\n\n\n<li>mehr Naturschutz bei der Gew\u00e4sserunterhaltung<\/li>\n\n\n\n<li>mehr <strong>M\u00f6glichkeiten der Naturerfahrung <\/strong>f\u00fcr Erwachsene, Kinder und Jugendliche schaffen<\/li>\n\n\n\n<li><strong>Ausbau der Umweltbildung<\/strong> durch Kooperation verschiedener Bildungstr\u00e4ger<\/li>\n<\/ul>\n\n\n\n<h2 class=\"wp-block-heading\">Konkret:<\/h2>\n\n\n\n<ul class=\"wp-block-list\">\n<li><strong>Ber\u00fccksichtigung von Naturschutz und biologischer Vielfalt bei Bauleitplanung<\/strong> \u00fcber die gesetzlichen Anforderungen hinaus; in allen anderen bewirtschafteten Lebensr\u00e4umen wie Verkehrsfl\u00e4chen, Siedlungsentwicklung und Landwirtschaft Naturschutz gleichwertig mitplanen<\/li>\n\n\n\n<li><strong>Geh\u00f6lzinseln, Hecken, Altgrasstreifen und mehrj\u00e4hrige Bl\u00fchstreifen<\/strong> mit ausschlie\u00dflich standortheimischen Arten etablieren<\/li>\n\n\n\n<li><strong>B\u00e4ume und <\/strong><strong>Wallhecken erhalten und pflegen<\/strong>, ggf. neu anlegen im Sinne der Biotopvernetzung, Ersatzpflanzungen konsequent vornehmen;<\/li>\n\n\n\n<li><strong>M\u00e4hrhythmus<\/strong><strong> der Natur anpassen<\/strong>; Bl\u00fchwiesen anlegen und pflegen<\/li>\n\n\n\n<li><strong>Zusammenarbeit mit Naturschutzbeh\u00f6rden und Wissenschaft<\/strong> zum Aufbau von Monitoring-Programmen f\u00fcr invasive Arten etablieren, Fr\u00fchwarnsysteme einf\u00fchren und gezielte Bek\u00e4mpfungsma\u00dfnahmen unterst\u00fctzen; <strong>Verzicht auf invasive Arten<\/strong> im \u00f6ffentlichen Raum, B\u00fcrgerinformation<\/li>\n\n\n\n<li><strong>Informationen<\/strong> fl\u00e4chendeckend (z.B. mit Grundsteuerbescheid) verteilen zur Sensibilisierung gegen\u00fcber Schadstoffeintr\u00e4gen in Grund- u. Oberfl\u00e4chengew\u00e4sser; sowie zur Verringerung von Nitrat- u. Phosphateintr\u00e4gen (Umweltbildung)<\/li>\n\n\n\n<li><strong>Naturbildung<\/strong> und Entstehung von <strong>Naturr\u00e4ume<\/strong> an Schulen und Kitas f\u00f6rdern<\/li>\n\n\n\n<li><strong>\u00d6ko-touristische Angebote<\/strong> unterst\u00fctzen\/ ausbauen; <strong>Besucherlenkung<\/strong> zum Schutz von sensiblen Lebensr\u00e4umen verbessern durch gezielte Ausschilderung von Wegen und Informationsmaterial<\/li>\n<\/ul>\n\n\n\n<hr class=\"wp-block-separator has-alpha-channel-opacity\"\/>\n\n\n\n<h1 class=\"wp-block-heading\">Fischerei und Meeresschutz<\/h1>\n\n\n\n<p class=\"wp-block-paragraph\">Unsere Meere sind Lebensraum, Wirtschaftsraum und Klimasch\u00fctzer zugleich. In der Kommunalpolitik setzen wir uns mit Nachdruck f\u00fcr den Schutz empfindlicher \u00d6kosysteme in der Nordsee und im Wattenmeer ein.<\/p>\n\n\n\n<p class=\"wp-block-paragraph\">Wir wollen Belastungen f\u00fcr die Meere reduzieren, denn gesunde Meere sind unverzichtbar f\u00fcr Artenvielfalt, Klimaschutz und Lebensqualit\u00e4t.<\/p>\n\n\n\n<p class=\"wp-block-paragraph\">Zugleich setzen wir uns f\u00fcr umweltschonenden Erhalt unserer K\u00fcstenfischerei ein. Sie ist identit\u00e4tsstiftend f\u00fcr unsere Region und ein wichtiges Standbein f\u00fcr den Tourismus vor Ort.<\/p>\n\n\n\n<h2 class=\"wp-block-heading\">Ziele:<\/h2>\n\n\n\n<ul class=\"wp-block-list\">\n<li><strong>Erreichbarkeit<\/strong> der Sielh\u00e4fen sichern, Verschlickung vorbeugen<\/li>\n\n\n\n<li><strong>Regionale, meeresvertr\u00e4gliche K\u00fcstenfischerei<\/strong> und Kutterh\u00e4fen erhalten und zukunftsf\u00e4hig machen<\/li>\n\n\n\n<li><strong>Belastung der Nordsee reduzieren<\/strong>, K\u00fcste mit Salzwiesen und Wattfl\u00e4chen <strong>besser sch\u00fctzen<\/strong><\/li>\n<\/ul>\n\n\n\n<h2 class=\"wp-block-heading\"><strong>Konkret:<\/strong><\/h2>\n\n\n\n<ul class=\"wp-block-list\">\n<li>Gezielte Einwerbung von <strong>F\u00f6rderprogrammen<\/strong> f\u00fcr die Kutterh\u00e4fen<\/li>\n\n\n\n<li><strong>Fortlaufende Abstimmungen<\/strong> zwischen Krabbenfischern, Naturschutz- und Tourismusverb\u00e4nden<\/li>\n\n\n\n<li>Geeignete Ma\u00dfnahmen zur <strong>Verhinderung der Verschlickung<\/strong> der Sielh\u00e4fen unterst\u00fctzen<\/li>\n<\/ul>\n\n\n\n<ul class=\"wp-block-list\">\n<li><strong>F\u00f6rderung lokaler Krabbensch\u00e4lung<\/strong> (z.B. Ultraschalltechnik) in der Fischerei zur Vermeidung von Transportemissionen<\/li>\n\n\n\n<li><strong>Plastikm\u00fcll<\/strong> in Fl\u00fcssen, Seen und der Nordsee durch kommunale Aufr\u00e4umaktionen und Pr\u00e4ventionskampagnen bek\u00e4mpfen<\/li>\n<\/ul>\n\n\n\n<hr class=\"wp-block-separator has-alpha-channel-opacity\"\/>\n\n\n\n<h1 class=\"wp-block-heading\">Erneuerbare Energien<\/h1>\n\n\n\n<p class=\"wp-block-paragraph\">Die Energiewende ist eine gro\u00dfe Chance f\u00fcr unsere Gemeinde \u2013 wenn wir sie richtig anpacken. Sie soll den Menschen vor Ort nutzen. Erneuerbare Energien schaffen Einnahmen f\u00fcr die Gemeinde, st\u00e4rken die regionale Wirtschaft und machen uns unabh\u00e4ngiger von fossilen Energien und geopolitischen Machtspielen.<\/p>\n\n\n\n<p class=\"wp-block-paragraph\">Wind und Sonne bringen Einnahmen, die vor Ort bleiben und in unsere Infrastruktur flie\u00dfen k\u00f6nnen. Gewinne aus Energieprojekten sollen gezielt in Schulen, Kitas und Infrastruktur investiert werden.<\/p>\n\n\n\n<p class=\"wp-block-paragraph\">Gleichzeitig leisten wir mit der Energiewende einen wichtigen Beitrag zum Klimaschutz und nehmen damit unseren Teil der Verantwortung f\u00fcr zuk\u00fcnftige Generationen wahr \u2013 damit auch noch unsere Kinder und Enkel hier an der K\u00fcste gut leben k\u00f6nnen.<\/p>\n\n\n\n<h2 class=\"wp-block-heading\">Ziele:<\/h2>\n\n\n\n<ul class=\"wp-block-list\">\n<li>Die <strong>Energiewende soll den Menschen vor Ort nutzen<\/strong>.<\/li>\n\n\n\n<li>Erneuerbare Energien schaffen <strong>Einnahmen f\u00fcr die Gemeinde<\/strong> und st\u00e4rken die regionale Wirtschaft.<\/li>\n\n\n\n<li><strong>B\u00fcrgerinnen und B\u00fcrger sollen st\u00e4rker beteiligt<\/strong> werden \u2013 finanziell und bei Entscheidungen.<\/li>\n\n\n\n<li><strong>Unterst\u00fctzung <\/strong>die Energiewende durch <strong>vorausschauende Bauleitplanung<\/strong>.<\/li>\n<\/ul>\n\n\n\n<h2 class=\"wp-block-heading\">Konkret:<\/h2>\n\n\n\n<ul class=\"wp-block-list\">\n<li><strong>B\u00fcrgerenergiegenossenschaften st\u00e4rken<\/strong>, damit alle mitmachen k\u00f6nnen.<\/li>\n\n\n\n<li>Die <strong>Gemeinde an <\/strong>den Erl\u00f6sen der <strong>Solar- und Windparks beteiligen<\/strong>.<\/li>\n\n\n\n<li><strong>Gewinne aus Energieprojekten gezielt investieren<\/strong> \u2013 in Schulen, Kitas und Infrastruktur.<\/li>\n\n\n\n<li><strong>Solarparks naturvertr\u00e4glich gestalten<\/strong> mit Mehrfachnutzung, etwa durch Schafbeweidung, Bl\u00fchwiesen und Imkerei.<\/li>\n\n\n\n<li><strong>Batteriespeicher voranbringen<\/strong> durch Ber\u00fccksichtigung in der Bauleitplanung insbesondere bei gr\u00f6\u00dferen Solar- und Windparks<\/li>\n\n\n\n<li><strong>Biogasanlagen flexibel einsetzen<\/strong> und als Energiespeicher weiterentwickeln.<\/li>\n\n\n\n<li>Den <strong>Netzausbau voranbringen<\/strong> \u2013 gemeinsam mit dem regionalen Netzbetreiber und regionalen Akteuren; gleichzeitig Einsatz f\u00fcr fl\u00e4chendeckenden Einbau von Smartmetern.<\/li>\n\n\n\n<li>Den realen <strong>CO2-Schattenpreis<\/strong> bei \u00f6ffentlichen Vergaben und Wirtschaftlichkeitsberechnungen ber\u00fccksichtigen.<\/li>\n<\/ul>\n\n\n\n<hr class=\"wp-block-separator has-alpha-channel-opacity\"\/>\n\n\n\n<h1 class=\"wp-block-heading\">Tourismus<\/h1>\n\n\n\n<p class=\"wp-block-paragraph\">Der Tourismus ist ein wichtiger Wirtschaftsfaktor f\u00fcr unsere Region. Wir wollen ihn so gestalten, dass er G\u00e4sten authentische Erlebnisse bietet und gleichzeitig den Menschen vor Ort zugute kommt \u2013 sozial gerecht und umweltvertr\u00e4glich.<\/p>\n\n\n\n<p class=\"wp-block-paragraph\">Die Region soll auch au\u00dferhalb des Strandes attraktiver werden. Wir haben Naturlandschaften, Geschichte und Kultur zu bieten, die besser sichtbar werden sollen.<\/p>\n\n\n\n<p class=\"wp-block-paragraph\">Die vorhandenen barrierearmen und inklusiven Ans\u00e4tze sollen weiter ausgebaut werden, denn Tourismus soll f\u00fcr alle zug\u00e4nglich sein. Lokale M\u00e4rkte verbinden Wirtschaft mit Umweltschutz. Wir setzen uns f\u00fcr nachhaltige und regionale Gastronomie ein, besonders am Strand und entlang von Wanderwegen. Kartenzahlung, digitale Services und ein leichter Zugang zu Informationen sollen selbstverst\u00e4ndlich sein.<\/p>\n\n\n\n<h2 class=\"wp-block-heading\">Ziele:<\/h2>\n\n\n\n<ul class=\"wp-block-list\">\n<li><strong>Familienfreundliche Angebote st\u00e4rken<\/strong> und dabei soziale Teilhabe erm\u00f6glichen \u2013 Urlaub an der Nordsee soll nicht am Geldbeutel scheitern.<\/li>\n\n\n\n<li><strong>Die Region abseits des Strandes erlebbar machen<\/strong> durch gut vernetzte (Rad-)Wander-, Natur- und Kulturangebote.<\/li>\n\n\n\n<li><strong>Mobilit\u00e4t zwischen den Ortsteilen verbessern<\/strong>, damit G\u00e4ste und Einheimische auch ohne Auto flexibel unterwegs sein k\u00f6nnen.<\/li>\n\n\n\n<li><strong>Regionale und nachhaltige Unternehmen <\/strong><strong>unterst\u00fctzen<\/strong>.<\/li>\n\n\n\n<li><strong>Ausbau barrierefreier touristischer Angebote<\/strong><\/li>\n<\/ul>\n\n\n\n<h2 class=\"wp-block-heading\">Konkret:<\/h2>\n\n\n\n<ul class=\"wp-block-list\">\n<li><strong>G\u00e4stekarte Plus<\/strong> mit sozialer Staffelung, die auch das Anruf-Sammel-Taxi (AST) einschlie\u00dft. Dazu eine digitale Version f\u00fcr einfache Buchungen von Watt&#8217;n Bad und anderen Freizeitangeboten.<\/li>\n\n\n\n<li><strong>Kartenzahlung und digitale Services<\/strong> fl\u00e4chendeckend einf\u00fchren.<\/li>\n\n\n\n<li><strong>QR-Codes an Wanderwegen<\/strong> mit Informationen zu Natur, Geschichte, Sagen und Legenden \u2013 erg\u00e4nzt durch Geocaching-Angebote f\u00fcr Familien.<\/li>\n\n\n\n<li><strong>Besucherlenkung und <\/strong><strong>Beschilderung<\/strong> verbessern durch gezielte Ausschilderung von Wegen und touristischen Zielen sowie Informationsmaterial zum Schutz f\u00fcr sensible Lebensr\u00e4ume und des Nationalparks Wattenmeer<\/li>\n\n\n\n<li><strong>Radrouten weiterentwickeln mit besserer Sichtbarkeit<\/strong><\/li>\n\n\n\n<li><strong>Rastpl\u00e4tze am Strand und entlang von (Rad-)Wanderwegen<\/strong> anlegen<\/li>\n\n\n\n<li><strong>Fahrradverleih ausbauen<\/strong>, inklusive E-Bikes, mit digitaler Buchungsm\u00f6glichkeit; <strong>E-Bike-Ladestationen<\/strong> entlang der Strecken ausbauen.<\/li>\n\n\n\n<li><strong>Parkplatzsituation neu ordnen<\/strong><strong>: <\/strong>Staffelung der Preise zur Verkehrslenkung, Priorisierung von Behindertenstellpl\u00e4tzen und Ausbau von Fahrradparkpl\u00e4tzen<\/li>\n<\/ul>\n\n\n\n<hr class=\"wp-block-separator has-alpha-channel-opacity\"\/>\n\n\n\n<h1 class=\"wp-block-heading\">Verkehr und Mobilit\u00e4t<\/h1>\n\n\n\n<p class=\"wp-block-paragraph\">Gute Mobilit\u00e4t bedeutet Lebensqualit\u00e4t \u2013 f\u00fcr alle Altersgruppen und unabh\u00e4ngig von k\u00f6rperlichen Einschr\u00e4nkungen.<\/p>\n\n\n\n<p class=\"wp-block-paragraph\">Verkehr soll sinnvoll gelenkt werden, damit sensible Bereiche entlastet werden und Menschen sicher unterwegs sein k\u00f6nnen. Innerorts setzen wir uns f\u00fcr Tempo 30 ein, wo es der Sicherheit und Lebensqualit\u00e4t dient. Fahrradstra\u00dfen, gute Radwege und sichere Schulwege sind f\u00fcr uns zentrale Bausteine einer modernen Mobilit\u00e4t. Kinder und Jugendliche sollen sich selbstst\u00e4ndig und sicher bewegen k\u00f6nnen.<\/p>\n\n\n\n<p class=\"wp-block-paragraph\">Genauso wichtig ist die bessere Verbindung zwischen den Ortsteilen und den Knotenpunkten des \u00f6ffentlichen Nahverkehrs. Daf\u00fcr brauchen wir gute L\u00f6sungen f\u00fcr die letzte Meile.<\/p>\n\n\n\n<h2 class=\"wp-block-heading\">Ziele:<\/h2>\n\n\n\n<ul class=\"wp-block-list\">\n<li><strong>Verkehr sinnvoll lenken<\/strong> und Gefahrenbereiche entsch\u00e4rfen.<\/li>\n\n\n\n<li><strong>Problematische Gestaltungselemente \u00fcberpr\u00fcfen<\/strong> \u2013 etwa die Betonplattenwege in Wremen \u2013 und wo n\u00f6tig verbessern oder sanieren.<\/li>\n\n\n\n<li>Die <strong>Radinfrastruktur ausbauen<\/strong> und verschiedene Verkehrsarten besser vernetzen.<\/li>\n\n\n\n<li><strong>Schulwege<\/strong> sicherer machen, damit Kinder und Jugendliche selbstst\u00e4ndig unterwegs sein k\u00f6nnen.<\/li>\n\n\n\n<li><strong>Mobilit\u00e4t f\u00fcr Menschen mit Behinderung verbessern<\/strong>.<\/li>\n<\/ul>\n\n\n\n<h2 class=\"wp-block-heading\">Konkret:<\/h2>\n\n\n\n<ul class=\"wp-block-list\">\n<li><strong>Tempo 30 in den Ortskernen<\/strong> als Standard, z.B. rund um Kitas und um den Nordholzer Ortskern.<\/li>\n\n\n\n<li><strong>Fahrradstra\u00dfen etablieren<\/strong>, auf denen Radfahrende Vorrang haben.<\/li>\n\n\n\n<li><strong>Verbindungen zwischen den Orten und zu \u00d6PNV-Knotenpunkten verbessern<\/strong> \u2013 mit L\u00f6sungen f\u00fcr die \u201eletzte Meile&#8220;, z.B. in Form eines ehrenamtlichen Fahrdienstes und einer Mitfahrer-App auf Gemeindeebene.<\/li>\n\n\n\n<li>Einsetzen f\u00fcr ein <strong>Verkehrsnetzkonzept<\/strong> auf Landkreisebene nach dem Vorbild von <a href=\"https:\/\/wendlandmobil.de\/\" target=\"_blank\" rel=\"noreferrer noopener\">wendlandmobil<\/a>.<\/li>\n\n\n\n<li><strong>Rollstuhlmitnahme im Anruf-Sammel-Taxi (AST)<\/strong> erm\u00f6glichen.<\/li>\n\n\n\n<li>Die <strong>Zusammenarbeit mit dem <a href=\"https:\/\/www.wurtenhopper.de\/\" target=\"_blank\" rel=\"noreferrer noopener\">Wurtenhopper<\/a> ausbauen.<\/strong><\/li>\n<\/ul>\n\n\n\n<hr class=\"wp-block-separator has-alpha-channel-opacity\"\/>\n\n\n\n<h1 class=\"wp-block-heading\">Bauen und Wohnen<\/h1>\n\n\n\n<p class=\"wp-block-paragraph\">Bezahlbarer Wohnraum ist knapp \u2013 auch bei uns.<\/p>\n\n\n\n<p class=\"wp-block-paragraph\">Deshalb wollen wir Mehrfamilienwohnen, genossenschaftliche Modelle und gemeinschaftliches Wohnen st\u00e4rker f\u00f6rdern, um bezahlbares Wohnen zu erm\u00f6glichen.<\/p>\n\n\n\n<p class=\"wp-block-paragraph\">Bebauungspl\u00e4ne sollen gezielt R\u00e4ume daf\u00fcr ber\u00fccksichtigen. Wir unterst\u00fctzen die Beteiligung an einer gemeinn\u00fctzigen Wohnbaugesellschaft des Landkreises, den Umbau von Leerstand und eine bessere Vermittlung von Wohnraum.<\/p>\n\n\n\n<p class=\"wp-block-paragraph\">Wir setzen uns daf\u00fcr ein, dass Bauen nachhaltig geschieht, Gr\u00fcnd\u00e4cher, Photovoltaik und energieeffizientes Bauen sollen zum Standard werden.<\/p>\n\n\n\n<h2 class=\"wp-block-heading\">Ziele:<\/h2>\n\n\n\n<ul class=\"wp-block-list\">\n<li><strong>Nachhaltiges Bauen<\/strong>: Gr\u00fcnd\u00e4cher, Photovoltaik, energieeffiziente und ressourcenschonende Bauweise etablieren.<\/li>\n\n\n\n<li><strong>Mehrfamilienwohnen und bezahlbares Wohnen<\/strong> durch kluge Bebauungspl\u00e4ne erm\u00f6glichen.<\/li>\n\n\n\n<li><strong>Genossenschaften unterst\u00fctzen<\/strong> und eine Beteiligung an einer gemeinn\u00fctzigen Wohnbaugesellschaft des Landkreises pr\u00fcfen.<\/li>\n\n\n\n<li><strong>Gemeinschaftliches Wohnen<\/strong> als Alternative unterst\u00fctzen.<\/li>\n<\/ul>\n\n\n\n<h2 class=\"wp-block-heading\">Konkret:<\/h2>\n\n\n\n<ul class=\"wp-block-list\">\n<li>Eine <strong>PV-Offensive f\u00fcr gemeindeeigene Geb\u00e4ude und D\u00e4cher<\/strong> starten<\/li>\n\n\n\n<li>Einen<strong> Leitfaden <\/strong>mit klaren<strong> <\/strong>Standards<strong> f\u00fcr Sanierung und Neubau entwickeln<\/strong><\/li>\n\n\n\n<li><strong>Hitzeschutz und Entsiegelung<\/strong> vor allem an Schulen, Kitas und \u00f6ffentlichen Pl\u00e4tzen \u2013 etwa durch Begr\u00fcnung von Parkpl\u00e4tzen, Neugestaltung von Au\u00dfenanlagen mit ausreichend Schattenpl\u00e4tzen.<\/li>\n\n\n\n<li>Eine <strong>Vermittlungsstelle f\u00fcr Wohnraum<\/strong> einrichten, die Angebot und Nachfrage zusammenbringt. Eine <strong>Mitwohnzentrale<\/strong> aufbauen, die flexibles Wohnen erleichtert.<\/li>\n\n\n\n<li><strong>Bauleerstand und Baul\u00fccken erfassen <\/strong>und gezielt vermitteln zur Weiternutzung und L\u00fcckenbebauung<\/li>\n\n\n\n<li>bei Ausweisung neuer <strong>Baugebiete<\/strong> Fl\u00e4chen f\u00fcr Mehrfamilienwohnen und bezahlbarem Wohnraum einplanen<\/li>\n<\/ul>\n\n\n\n<hr class=\"wp-block-separator has-alpha-channel-opacity\"\/>\n\n\n\n<h1 class=\"wp-block-heading\">Bildung, Teilhabe und Kultur<\/h1>\n\n\n\n<p class=\"wp-block-paragraph\">Eine starke Gemeinschaft lebt vom Miteinander. Wir wollen, dass alle Menschen in unserer Gemeinde am gesellschaftlichen Leben teilhaben k\u00f6nnen.<\/p>\n\n\n\n<p class=\"wp-block-paragraph\">Auch die gesundheitliche Versorgung geh\u00f6rt f\u00fcr uns zur Daseins-Vorsorge. \u00c4rztliche und gesundheitliche Angebote m\u00fcssen so organisiert sein, dass sie f\u00fcr alle gut zug\u00e4nglich sind. Deshalb setzen wir uns f\u00fcr ein aufsuchendes Konzept ein, das Beratung, Unterst\u00fctzung und Orientierung direkt zu den Menschen bringt. So st\u00e4rken wir den sozialen Zusammenhalt und entlasten zugleich andere Hilfesysteme.<\/p>\n\n\n\n<p class=\"wp-block-paragraph\">Gute Bildung und Chancengleichheit sind wichtig, um unsere Kinder von heute zu Fachkr\u00e4ften von Morgen auszubilden. Wir wollen gut ausgestattete Schulen und Kitas. Dazu geh\u00f6ren ausreichend Fachkr\u00e4fte ebenso wie Schulgeb\u00e4ude, die den heutigen Standards entsprechen, in einem guten Zustand und barrierefrei sind.<\/p>\n\n\n\n<p class=\"wp-block-paragraph\">Die Angebote im Ganztag und in den Freizeitst\u00e4tten sind vielf\u00e4ltig. Zus\u00e4tzlich brauchen wir gerade f\u00fcr Jugendliche niedrigschwellige, vereins\u00fcbergreifende Angebote, die leicht erreichbar sind. Sie bieten ein breites Bildungsangebot und f\u00f6rdern das Demokratieverst\u00e4ndnis.<\/p>\n\n\n\n<p class=\"wp-block-paragraph\">F\u00fcr Familien, \u00e4ltere Menschen und Menschen mit Einschr\u00e4nkungen sollen barrierefreie, generations\u00fcbergreifende Begegnungsorte entstehen.<\/p>\n\n\n\n<h2 class=\"wp-block-heading\">Ziele:<\/h2>\n\n\n\n<ul class=\"wp-block-list\">\n<li><strong>Verbesserung der Bildungschancen<\/strong> und Zugang f\u00fcr alle.<\/li>\n\n\n\n<li><strong>Demokratieverst\u00e4ndnis<\/strong> f\u00f6rdern<\/li>\n\n\n\n<li><strong>Beteiligung<\/strong> von Kindern und Jugendlichen erm\u00f6glichen<\/li>\n\n\n\n<li><strong>Generations\u00fcbergreifende<\/strong> Begegnungen erm\u00f6glichen<\/li>\n\n\n\n<li>Gut zug\u00e4ngliche <strong>Gesundheitsversorgung<\/strong><\/li>\n<\/ul>\n\n\n\n<h2 class=\"wp-block-heading\">Konkret:<\/h2>\n\n\n\n<ul class=\"wp-block-list\">\n<li><strong>Verbesserte Teilhabe<\/strong> durch umfassend barrierefreie Geb\u00e4ude und gut geschulte Fachkr\u00e4fte<\/li>\n\n\n\n<li><strong>Bezahlbares und gesundes Mittagessen<\/strong> f\u00fcr alle Kinder in den Einrichtungen der Gemeinde Wurster Nordseek\u00fcste.<\/li>\n\n\n\n<li><strong>Vernetzung von Schulen und Vereinen im Ganztag und in der Freizeit, <\/strong>vereins\u00fcbergreifende Angebote f\u00fcr Jugendliche \u2013 niederschwellig und ohne H\u00fcrden, damit junge Menschen in allen Ortsteilen Anlaufpunkte finden.<\/li>\n\n\n\n<li><strong>Erhalt und Ausbau der offenen Kinder- u. Jugendarbeit<\/strong> in den Freizeitst\u00e4tten der Gemeinde als M\u00f6glichkeit f\u00fcr soziale Kontakte unter Kindern- und Jugendlichen mit fachkundiger Begleitung<\/li>\n\n\n\n<li>Etablieren von <strong>Kinder- und Jugendversammlungen<\/strong> auf Ortsebene nach Vorbild der Einwohnerversammlungen<\/li>\n\n\n\n<li><strong>Barrierefreie Begegnungsst\u00e4tten<\/strong> f\u00fcr alle Generationen, an denen sich Jung und Alt treffen und austauschen k\u00f6nnen.<\/li>\n\n\n\n<li><strong>Ein aufsuchendes Angebot <\/strong>(z.B. <strong>Gemeindeschwester<\/strong>), das \u00e4ltere und weniger mobile Menschen direkt zu Hause unterst\u00fctzt und ber\u00e4t.<\/li>\n\n\n\n<li><strong>Weiterf\u00fchrung<\/strong> und <strong>Ausbau des Regionalen und Medizinischen Versorgungszentrums <\/strong>(RVZ\/ MVZ), u.a. mit weiteren Angeboten und Einf\u00fchrung einer Videosprechstunde<\/li>\n<\/ul>\n\n\n\n<hr class=\"wp-block-separator has-alpha-channel-opacity\"\/>\n\n\n\n<h1 class=\"wp-block-heading\">Digitalisierung<\/h1>\n\n\n\n<p class=\"wp-block-paragraph\">Digitale Angebote erleichtern den Alltag \u2013 f\u00fcr Einheimische wie f\u00fcr G\u00e4ste. Wir setzen uns f\u00fcr eine umfassende Digitalisierung aller Leistungen der Verwaltung und im Freizeitbereich ein, mit europ\u00e4ischen L\u00f6sungen, die verl\u00e4sslich, sicher, transparent und barrierearm sind.<\/p>\n\n\n\n<p class=\"wp-block-paragraph\">Die Voraussetzung f\u00fcr eine umfassende Digitalisierung ist der fl\u00e4chendeckende Ausbau des Glasfasernetzes. Wir haben mitbeschlossen, dass die Gemeinde den Glasfaserausbau durch eine Kofinanzierung zusammen mit dem Landkreis vorantreibt, das Projekt ist bereits in der Umsetzung und bildet die Basis f\u00fcr eine funktionierende Digitalisierung.<\/p>\n\n\n\n<h2 class=\"wp-block-heading\">Ziele:<\/h2>\n\n\n\n<ul class=\"wp-block-list\">\n<li><strong>Einfach digital zug\u00e4ngliche Dienstleistungen <\/strong>f\u00fcr B\u00fcrger:innen, G\u00e4ste und innerhalb der Verwaltung voranbringen<\/li>\n\n\n\n<li><strong>Digitalisierung<\/strong> muss pragmatisch, sicher, transparent und wirtschaftlich umgesetzt werden.<\/li>\n\n\n\n<li><strong>Best practice statt Sonderl\u00f6sungen<\/strong> und Zusammenarbeit mit anderen Kommunen<\/li>\n<\/ul>\n\n\n\n<h2 class=\"wp-block-heading\">Konkret:<\/h2>\n\n\n\n<ul class=\"wp-block-list\">\n<li><strong>Digitale G\u00e4stekarte<\/strong> mit Online-\u00dcbersicht aller Leistungen in der Region<\/li>\n\n\n\n<li><strong>Online-Tickets f\u00fcr das Watt&#8217;n Bad<\/strong> und andere Freizeitangebote anbieten<\/li>\n\n\n\n<li><strong>Kartenzahlung auf Parkpl\u00e4tzen,<\/strong> in der Gastronomie und in Freizeiteinrichtungen als Standard<\/li>\n\n\n\n<li><strong>Sichere<\/strong><strong> europ\u00e4ische L\u00f6sungen<\/strong><em> <\/em><em>f\u00fcr die digitale Gemeindeverwaltung, z.B. Einf\u00fchrung E-Akte und Nutzung der Software-L\u00f6sungen von Bund und Land<\/em><\/li>\n\n\n\n<li><em><strong>Zusammenarbeit<\/strong><\/em><em> mit anderen Kommunen, Landkreis und Land Niedersachsen <\/em><em><strong>ausbauen; <\/strong><\/em><em>Gute Beispiele anderer Verwaltungen \u00fcbernehmen statt Sonderl\u00f6sungen entwickeln<\/em><\/li>\n\n\n\n<li><em><strong>Stadt.Land.Funk<\/strong><\/em><em> (ehemals Dorffunk) als gemeinwohlorientierte Vernetzungs-App einf\u00fchren<\/em><\/li>\n\n\n\n<li><em><strong>Mitfahrer-App <\/strong><\/em><em>auf Gemeindeebene anbieten<\/em><\/li>\n<\/ul>\n\n\n\n<hr class=\"wp-block-separator has-alpha-channel-opacity\"\/>\n\n\n\n<div class=\"wp-block-columns is-layout-flex wp-container-core-columns-is-layout-8f761849 wp-block-columns-is-layout-flex\"><\/div>\n\n\n\n<p class=\"wp-block-paragraph\"><\/p>\n","protected":false},"excerpt":{"rendered":"<p>B\u00fcndnis 90\/ Die Gr\u00fcnen Wurster Nordseek\u00fcste Wahlprogramm 2026 Nachhaltig. Sozial. Gemeinsam. Einleitung Wir stehen f\u00fcr eine nachhaltige Entwicklung unserer Gemeinde. Nachhaltigkeit ist f\u00fcr uns ein Grundprinzip, das wir bei allen\u2026<\/p>\n","protected":false},"author":1,"featured_media":0,"parent":0,"menu_order":0,"comment_status":"closed","ping_status":"closed","template":"","meta":{"footnotes":""},"class_list":["post-1068","page","type-page","status-publish","hentry"],"_links":{"self":[{"href":"https:\/\/gruene-wurster-nordseekueste.de\/index.php?rest_route=\/wp\/v2\/pages\/1068","targetHints":{"allow":["GET"]}}],"collection":[{"href":"https:\/\/gruene-wurster-nordseekueste.de\/index.php?rest_route=\/wp\/v2\/pages"}],"about":[{"href":"https:\/\/gruene-wurster-nordseekueste.de\/index.php?rest_route=\/wp\/v2\/types\/page"}],"author":[{"embeddable":true,"href":"https:\/\/gruene-wurster-nordseekueste.de\/index.php?rest_route=\/wp\/v2\/users\/1"}],"replies":[{"embeddable":true,"href":"https:\/\/gruene-wurster-nordseekueste.de\/index.php?rest_route=%2Fwp%2Fv2%2Fcomments&post=1068"}],"version-history":[{"count":9,"href":"https:\/\/gruene-wurster-nordseekueste.de\/index.php?rest_route=\/wp\/v2\/pages\/1068\/revisions"}],"predecessor-version":[{"id":1152,"href":"https:\/\/gruene-wurster-nordseekueste.de\/index.php?rest_route=\/wp\/v2\/pages\/1068\/revisions\/1152"}],"wp:attachment":[{"href":"https:\/\/gruene-wurster-nordseekueste.de\/index.php?rest_route=%2Fwp%2Fv2%2Fmedia&parent=1068"}],"curies":[{"name":"wp","href":"https:\/\/api.w.org\/{rel}","templated":true}]}}